{"id":1235,"date":"2018-08-24T12:16:27","date_gmt":"2018-08-24T12:16:27","guid":{"rendered":"https:\/\/finkbeiner-kanzlei.de\/arbeitsrecht\/"},"modified":"2022-02-21T10:13:02","modified_gmt":"2022-02-21T10:13:02","slug":"employment-law","status":"publish","type":"page","link":"https:\/\/finkbeiner-kanzlei.de\/en\/employment-law\/","title":{"rendered":"Employment law"},"content":{"rendered":"<div class=\"row\">\n<div class=\"col-md-6\">\n<h2><span lang=\"en-GB\">Competent representation in employment law<\/span><\/h2>\n<p><span lang=\"en-GB\">We advise and represent you in all matters of employment law. We have formed a focal point here and represent employees as well as small and medium-sized employers and works councils in day-to-day business operations and especially in the event of insolvency. In this way, we are well acquainted with the considerations of all parties involved and can support our clients in an optimal way in every matter, especially with regard to advice and representation in cases of dismissal.<\/span><\/p>\n<p><img fetchpriority=\"high\" decoding=\"async\" class=\"alignnone size-full wp-image-1623\" src=\"https:\/\/finkbeiner-kanzlei.de\/wp-content\/uploads\/2020\/06\/visitenkarte.jpg\" alt=\"\" width=\"800\" height=\"500\" srcset=\"https:\/\/finkbeiner-kanzlei.de\/wp-content\/uploads\/2020\/06\/visitenkarte.jpg 800w, https:\/\/finkbeiner-kanzlei.de\/wp-content\/uploads\/2020\/06\/visitenkarte-600x375.jpg 600w, https:\/\/finkbeiner-kanzlei.de\/wp-content\/uploads\/2020\/06\/visitenkarte-300x188.jpg 300w, https:\/\/finkbeiner-kanzlei.de\/wp-content\/uploads\/2020\/06\/visitenkarte-768x480.jpg 768w\" sizes=\"(max-width: 800px) 100vw, 800px\" \/><\/p>\n<h2><span lang=\"en-GB\">Labour law and insolvency<\/span><\/h2>\n<p><span lang=\"en-GB\">We can offer special expertise in all labour law issues in connection with insolvencies. By combining both fields of activity, we can help you to take the right steps, especially when the employer is threatened with insolvency. Unlike most lawyers specialising in employment law, we are familiar with the special features of insolvency proceedings, especially with regard to the assertion of claims against the insolvency administrator and special notice periods or social plans.<\/span><\/p>\n<p><span lang=\"en-GB\">We will be happy to advise you on legal matters when it comes to entering into a new employment relationship, when it comes to hiring and when employment contracts have to be drawn up or reviewed.<\/span><\/p>\n<\/div>\n<div class=\"col-md-6\">\n<p><span lang=\"en-GB\">Regardless of whether the employment relationship is terminated by your own or a dismissal for operational reasons, or whether a dismissal protection lawsuit is filed or is necessary, we have the right advice for you, geared to your economic interests. Particularly in the case of legal disputes, we am at your side with experience, assertiveness and tact, and will do our utmost to protect your interests.<\/span><\/p>\n<h2><span lang=\"en-GB\">In case of warning and termination<\/span><\/h2>\n<p><span lang=\"en-GB\">We also want you as a company to be able to fulfil your duty of care in the best possible way. That&#8217;s why we offer a further range of legal advice in the area of mobbing as well as in the optimal conception of company pension schemes.<\/span><\/p>\n<p><span lang=\"en-GB\">You will receive comprehensive employment law advice from lawyers with experience in negotiations and litigation. We will stand up for you.<\/span><\/p>\n<p><strong><span lang=\"en-GB\">In the event of a dispute or termination of employment, speed is of the essence:<\/span><\/strong><\/p>\n<p><span lang=\"en-GB\">When giving notice of termination, it is essential that it is pronounced promptly (often within two weeks), with a well-founded explanation of the content and in a formally correct manner. The difficulties here often lie in the details due to the very complicated case law. In any case, a consultation in advance can help to avoid an invalid termination and avoid mistakes caused by the often understandable human disappointment. We help you to avoid expensive mistakes and to find an economically reasonable solution.<\/span><\/p>\n<p><span lang=\"en-GB\">If you have been dismissed, a quick and correct reaction is of great essence in order to protect your rights: Compliance with the three-week period of notice is essential to assert your rights in the event of a dispute. We are committed to preserving your job or a severance package. Please contact us and we will be at your side.<\/span><\/p>\n<p><span lang=\"en-GB\">Of course, we will also help you with legal advice in all labour law matters and, in this context, we will also assist you in drafting a termination or settlement agreement and in drawing up employment references.<\/span><\/p>\n<\/div>\n<\/div>\n","protected":false},"excerpt":{"rendered":"","protected":false},"author":3,"featured_media":0,"parent":0,"menu_order":0,"comment_status":"closed","ping_status":"closed","template":"","meta":{"_acf_changed":false,"inline_featured_image":false,"footnotes":""},"tags":[847,862,851,852,853,56,863,864,865,866,859,854,855,856,867,857,858,860,861],"class_list":["post-1235","page","type-page","status-publish","hentry","tag-abfindung-en","tag-advice-on-hiring","tag-beratung-bei-einstellungen-en","tag-betriebliche-altersvorsorge-en","tag-betriebsbedingte-kuendigungen-en","tag-betriebsbedingte-kuendigungen","tag-company-pension-scheme","tag-dismissals-for-operational-reasons","tag-drafting-and-reviewing-employment-contracts","tag-drafting-employment-certificates","tag-employment-certificate","tag-erstellung-und-ueberpruefung-von-arbeitsvertraegen-en","tag-gestaltung-von-arbeitszeugnissen-en","tag-kuendigungsschutzklage-en","tag-legal-action-against-dismissal","tag-mobbing-en","tag-severance-pay","tag-termination-agreement-or-settlement-agreement","tag-termination-by-notice"],"acf":[],"yoast_head":"<!-- This site is optimized with the Yoast SEO plugin v27.5 - https:\/\/yoast.com\/product\/yoast-seo-wordpress\/ -->\n<title>Arbeitsrecht - Anwalt bei Abmahnung und K\u00fcndigung, Insolvenz<\/title>\n<meta name=\"description\" content=\"T\u00e4tigkeitsschwerpunkt Arbeitsrecht: Vertretung f\u00fcr Arbeitnehmer ebenso wie f\u00fcr kleine und mittelst\u00e4ndische Arbeitgeber und Betriebsr\u00e4te im laufenden Gesch\u00e4ftsbetrieb und insbesondere im Insolvenzfall.\" \/>\n<meta name=\"robots\" content=\"index, follow, max-snippet:-1, max-image-preview:large, max-video-preview:-1\" \/>\n<link rel=\"canonical\" href=\"https:\/\/finkbeiner-kanzlei.de\/en\/employment-law\/\" \/>\n<meta property=\"og:locale\" content=\"en_US\" \/>\n<meta property=\"og:type\" content=\"article\" \/>\n<meta property=\"og:title\" content=\"Arbeitsrecht - Anwalt bei Abmahnung und K\u00fcndigung, Insolvenz\" \/>\n<meta property=\"og:description\" content=\"T\u00e4tigkeitsschwerpunkt Arbeitsrecht: Vertretung f\u00fcr Arbeitnehmer ebenso wie f\u00fcr kleine und mittelst\u00e4ndische Arbeitgeber und Betriebsr\u00e4te im laufenden Gesch\u00e4ftsbetrieb und insbesondere im Insolvenzfall.\" \/>\n<meta property=\"og:url\" content=\"https:\/\/finkbeiner-kanzlei.de\/en\/employment-law\/\" \/>\n<meta property=\"og:site_name\" content=\"Finkbeiner Kanzlei\" \/>\n<meta property=\"article:modified_time\" content=\"2022-02-21T10:13:02+00:00\" \/>\n<meta property=\"og:image\" content=\"https:\/\/finkbeiner-kanzlei.de\/wp-content\/uploads\/2020\/06\/visitenkarte.jpg\" \/>\n<meta name=\"twitter:card\" content=\"summary_large_image\" \/>\n<meta name=\"twitter:label1\" content=\"Est. reading time\" \/>\n\t<meta name=\"twitter:data1\" content=\"3 minutes\" \/>\n<script type=\"application\/ld+json\" class=\"yoast-schema-graph\">{\"@context\":\"https:\\\/\\\/schema.org\",\"@graph\":[{\"@type\":\"WebPage\",\"@id\":\"https:\\\/\\\/finkbeiner-kanzlei.de\\\/en\\\/employment-law\\\/\",\"url\":\"https:\\\/\\\/finkbeiner-kanzlei.de\\\/en\\\/employment-law\\\/\",\"name\":\"Arbeitsrecht - Anwalt bei Abmahnung und K\u00fcndigung, Insolvenz\",\"isPartOf\":{\"@id\":\"https:\\\/\\\/finkbeiner-kanzlei.de\\\/en\\\/#website\"},\"primaryImageOfPage\":{\"@id\":\"https:\\\/\\\/finkbeiner-kanzlei.de\\\/en\\\/employment-law\\\/#primaryimage\"},\"image\":{\"@id\":\"https:\\\/\\\/finkbeiner-kanzlei.de\\\/en\\\/employment-law\\\/#primaryimage\"},\"thumbnailUrl\":\"https:\\\/\\\/finkbeiner-kanzlei.de\\\/wp-content\\\/uploads\\\/2020\\\/06\\\/visitenkarte.jpg\",\"datePublished\":\"2018-08-24T12:16:27+00:00\",\"dateModified\":\"2022-02-21T10:13:02+00:00\",\"description\":\"T\u00e4tigkeitsschwerpunkt Arbeitsrecht: Vertretung f\u00fcr Arbeitnehmer ebenso wie f\u00fcr kleine und mittelst\u00e4ndische Arbeitgeber und Betriebsr\u00e4te im laufenden Gesch\u00e4ftsbetrieb und insbesondere im Insolvenzfall.\",\"breadcrumb\":{\"@id\":\"https:\\\/\\\/finkbeiner-kanzlei.de\\\/en\\\/employment-law\\\/#breadcrumb\"},\"inLanguage\":\"en-US\",\"potentialAction\":[{\"@type\":\"ReadAction\",\"target\":[\"https:\\\/\\\/finkbeiner-kanzlei.de\\\/en\\\/employment-law\\\/\"]}]},{\"@type\":\"ImageObject\",\"inLanguage\":\"en-US\",\"@id\":\"https:\\\/\\\/finkbeiner-kanzlei.de\\\/en\\\/employment-law\\\/#primaryimage\",\"url\":\"https:\\\/\\\/finkbeiner-kanzlei.de\\\/wp-content\\\/uploads\\\/2020\\\/06\\\/visitenkarte.jpg\",\"contentUrl\":\"https:\\\/\\\/finkbeiner-kanzlei.de\\\/wp-content\\\/uploads\\\/2020\\\/06\\\/visitenkarte.jpg\"},{\"@type\":\"BreadcrumbList\",\"@id\":\"https:\\\/\\\/finkbeiner-kanzlei.de\\\/en\\\/employment-law\\\/#breadcrumb\",\"itemListElement\":[{\"@type\":\"ListItem\",\"position\":1,\"name\":\"Startseite\",\"item\":\"https:\\\/\\\/finkbeiner-kanzlei.de\\\/en\\\/\"},{\"@type\":\"ListItem\",\"position\":2,\"name\":\"Employment law\"}]},{\"@type\":\"WebSite\",\"@id\":\"https:\\\/\\\/finkbeiner-kanzlei.de\\\/en\\\/#website\",\"url\":\"https:\\\/\\\/finkbeiner-kanzlei.de\\\/en\\\/\",\"name\":\"Finkbeiner Kanzlei\",\"description\":\"Anwaltskanzlei f\u00fcr Wirtschaftsrecht, Insolvenzrecht und Prozessrecht\",\"publisher\":{\"@id\":\"https:\\\/\\\/finkbeiner-kanzlei.de\\\/en\\\/#\\\/schema\\\/person\\\/82fb4d962f5edb406c94928cf461bbde\"},\"potentialAction\":[{\"@type\":\"SearchAction\",\"target\":{\"@type\":\"EntryPoint\",\"urlTemplate\":\"https:\\\/\\\/finkbeiner-kanzlei.de\\\/en\\\/?s={search_term_string}\"},\"query-input\":{\"@type\":\"PropertyValueSpecification\",\"valueRequired\":true,\"valueName\":\"search_term_string\"}}],\"inLanguage\":\"en-US\"},{\"@type\":[\"Person\",\"Organization\"],\"@id\":\"https:\\\/\\\/finkbeiner-kanzlei.de\\\/en\\\/#\\\/schema\\\/person\\\/82fb4d962f5edb406c94928cf461bbde\",\"name\":\"Claudius Finkbeiner\",\"image\":{\"@type\":\"ImageObject\",\"inLanguage\":\"en-US\",\"@id\":\"https:\\\/\\\/finkbeiner-kanzlei.de\\\/wp-content\\\/uploads\\\/2017\\\/12\\\/5C66DF9B-A999-44A1-969D-4233F47A5B77-96x96.jpg\",\"url\":\"https:\\\/\\\/finkbeiner-kanzlei.de\\\/wp-content\\\/uploads\\\/2017\\\/12\\\/5C66DF9B-A999-44A1-969D-4233F47A5B77-96x96.jpg\",\"contentUrl\":\"https:\\\/\\\/finkbeiner-kanzlei.de\\\/wp-content\\\/uploads\\\/2017\\\/12\\\/5C66DF9B-A999-44A1-969D-4233F47A5B77-96x96.jpg\",\"caption\":\"Claudius Finkbeiner\"},\"logo\":{\"@id\":\"https:\\\/\\\/finkbeiner-kanzlei.de\\\/wp-content\\\/uploads\\\/2017\\\/12\\\/5C66DF9B-A999-44A1-969D-4233F47A5B77-96x96.jpg\"},\"description\":\"Herr Finkbeiner ist seit dem Jahr 2009 als Rechtsanwalt t\u00e4tig. Sein Schwerpunkt liegt im wirtschaftsrechtlichen Bereich, insbesondere im Insolvenz-, Vertrags- und Gesellschaftsrecht sowie im Vergaberecht. Herr Finkbeiner ber\u00e4t und vertritt Unternehmen in der Krise, ebenso wie Gesch\u00e4ftsf\u00fchrer, Gl\u00e4ubiger und andere Beteiligte im Insolvenzverfahren und gegen Insolvenzverwalter. Herr Finkbeiner ist ein erfahrener Prozessanwalt im Wirtschaftsrecht und Verteidiger in Wirtschaftsstrafsachen.\",\"sameAs\":[\"https:\\\/\\\/www.anwalt-finkbeiner.de\"]}]}<\/script>\n<!-- \/ Yoast SEO plugin. -->","yoast_head_json":{"title":"Arbeitsrecht - Anwalt bei Abmahnung und K\u00fcndigung, Insolvenz","description":"T\u00e4tigkeitsschwerpunkt Arbeitsrecht: Vertretung f\u00fcr Arbeitnehmer ebenso wie f\u00fcr kleine und mittelst\u00e4ndische Arbeitgeber und Betriebsr\u00e4te im laufenden Gesch\u00e4ftsbetrieb und insbesondere im Insolvenzfall.","robots":{"index":"index","follow":"follow","max-snippet":"max-snippet:-1","max-image-preview":"max-image-preview:large","max-video-preview":"max-video-preview:-1"},"canonical":"https:\/\/finkbeiner-kanzlei.de\/en\/employment-law\/","og_locale":"en_US","og_type":"article","og_title":"Arbeitsrecht - Anwalt bei Abmahnung und K\u00fcndigung, Insolvenz","og_description":"T\u00e4tigkeitsschwerpunkt Arbeitsrecht: Vertretung f\u00fcr Arbeitnehmer ebenso wie f\u00fcr kleine und mittelst\u00e4ndische Arbeitgeber und Betriebsr\u00e4te im laufenden Gesch\u00e4ftsbetrieb und insbesondere im Insolvenzfall.","og_url":"https:\/\/finkbeiner-kanzlei.de\/en\/employment-law\/","og_site_name":"Finkbeiner Kanzlei","article_modified_time":"2022-02-21T10:13:02+00:00","og_image":[{"url":"https:\/\/finkbeiner-kanzlei.de\/wp-content\/uploads\/2020\/06\/visitenkarte.jpg","type":"","width":"","height":""}],"twitter_card":"summary_large_image","twitter_misc":{"Est. reading time":"3 minutes"},"schema":{"@context":"https:\/\/schema.org","@graph":[{"@type":"WebPage","@id":"https:\/\/finkbeiner-kanzlei.de\/en\/employment-law\/","url":"https:\/\/finkbeiner-kanzlei.de\/en\/employment-law\/","name":"Arbeitsrecht - Anwalt bei Abmahnung und K\u00fcndigung, Insolvenz","isPartOf":{"@id":"https:\/\/finkbeiner-kanzlei.de\/en\/#website"},"primaryImageOfPage":{"@id":"https:\/\/finkbeiner-kanzlei.de\/en\/employment-law\/#primaryimage"},"image":{"@id":"https:\/\/finkbeiner-kanzlei.de\/en\/employment-law\/#primaryimage"},"thumbnailUrl":"https:\/\/finkbeiner-kanzlei.de\/wp-content\/uploads\/2020\/06\/visitenkarte.jpg","datePublished":"2018-08-24T12:16:27+00:00","dateModified":"2022-02-21T10:13:02+00:00","description":"T\u00e4tigkeitsschwerpunkt Arbeitsrecht: Vertretung f\u00fcr Arbeitnehmer ebenso wie f\u00fcr kleine und mittelst\u00e4ndische Arbeitgeber und Betriebsr\u00e4te im laufenden Gesch\u00e4ftsbetrieb und insbesondere im Insolvenzfall.","breadcrumb":{"@id":"https:\/\/finkbeiner-kanzlei.de\/en\/employment-law\/#breadcrumb"},"inLanguage":"en-US","potentialAction":[{"@type":"ReadAction","target":["https:\/\/finkbeiner-kanzlei.de\/en\/employment-law\/"]}]},{"@type":"ImageObject","inLanguage":"en-US","@id":"https:\/\/finkbeiner-kanzlei.de\/en\/employment-law\/#primaryimage","url":"https:\/\/finkbeiner-kanzlei.de\/wp-content\/uploads\/2020\/06\/visitenkarte.jpg","contentUrl":"https:\/\/finkbeiner-kanzlei.de\/wp-content\/uploads\/2020\/06\/visitenkarte.jpg"},{"@type":"BreadcrumbList","@id":"https:\/\/finkbeiner-kanzlei.de\/en\/employment-law\/#breadcrumb","itemListElement":[{"@type":"ListItem","position":1,"name":"Startseite","item":"https:\/\/finkbeiner-kanzlei.de\/en\/"},{"@type":"ListItem","position":2,"name":"Employment law"}]},{"@type":"WebSite","@id":"https:\/\/finkbeiner-kanzlei.de\/en\/#website","url":"https:\/\/finkbeiner-kanzlei.de\/en\/","name":"Finkbeiner Kanzlei","description":"Anwaltskanzlei f\u00fcr Wirtschaftsrecht, Insolvenzrecht und Prozessrecht","publisher":{"@id":"https:\/\/finkbeiner-kanzlei.de\/en\/#\/schema\/person\/82fb4d962f5edb406c94928cf461bbde"},"potentialAction":[{"@type":"SearchAction","target":{"@type":"EntryPoint","urlTemplate":"https:\/\/finkbeiner-kanzlei.de\/en\/?s={search_term_string}"},"query-input":{"@type":"PropertyValueSpecification","valueRequired":true,"valueName":"search_term_string"}}],"inLanguage":"en-US"},{"@type":["Person","Organization"],"@id":"https:\/\/finkbeiner-kanzlei.de\/en\/#\/schema\/person\/82fb4d962f5edb406c94928cf461bbde","name":"Claudius Finkbeiner","image":{"@type":"ImageObject","inLanguage":"en-US","@id":"https:\/\/finkbeiner-kanzlei.de\/wp-content\/uploads\/2017\/12\/5C66DF9B-A999-44A1-969D-4233F47A5B77-96x96.jpg","url":"https:\/\/finkbeiner-kanzlei.de\/wp-content\/uploads\/2017\/12\/5C66DF9B-A999-44A1-969D-4233F47A5B77-96x96.jpg","contentUrl":"https:\/\/finkbeiner-kanzlei.de\/wp-content\/uploads\/2017\/12\/5C66DF9B-A999-44A1-969D-4233F47A5B77-96x96.jpg","caption":"Claudius Finkbeiner"},"logo":{"@id":"https:\/\/finkbeiner-kanzlei.de\/wp-content\/uploads\/2017\/12\/5C66DF9B-A999-44A1-969D-4233F47A5B77-96x96.jpg"},"description":"Herr Finkbeiner ist seit dem Jahr 2009 als Rechtsanwalt t\u00e4tig. Sein Schwerpunkt liegt im wirtschaftsrechtlichen Bereich, insbesondere im Insolvenz-, Vertrags- und Gesellschaftsrecht sowie im Vergaberecht. Herr Finkbeiner ber\u00e4t und vertritt Unternehmen in der Krise, ebenso wie Gesch\u00e4ftsf\u00fchrer, Gl\u00e4ubiger und andere Beteiligte im Insolvenzverfahren und gegen Insolvenzverwalter. Herr Finkbeiner ist ein erfahrener Prozessanwalt im Wirtschaftsrecht und Verteidiger in Wirtschaftsstrafsachen.","sameAs":["https:\/\/www.anwalt-finkbeiner.de"]}]}},"_links":{"self":[{"href":"https:\/\/finkbeiner-kanzlei.de\/en\/wp-json\/wp\/v2\/pages\/1235","targetHints":{"allow":["GET"]}}],"collection":[{"href":"https:\/\/finkbeiner-kanzlei.de\/en\/wp-json\/wp\/v2\/pages"}],"about":[{"href":"https:\/\/finkbeiner-kanzlei.de\/en\/wp-json\/wp\/v2\/types\/page"}],"author":[{"embeddable":true,"href":"https:\/\/finkbeiner-kanzlei.de\/en\/wp-json\/wp\/v2\/users\/3"}],"replies":[{"embeddable":true,"href":"https:\/\/finkbeiner-kanzlei.de\/en\/wp-json\/wp\/v2\/comments?post=1235"}],"version-history":[{"count":5,"href":"https:\/\/finkbeiner-kanzlei.de\/en\/wp-json\/wp\/v2\/pages\/1235\/revisions"}],"predecessor-version":[{"id":1709,"href":"https:\/\/finkbeiner-kanzlei.de\/en\/wp-json\/wp\/v2\/pages\/1235\/revisions\/1709"}],"wp:attachment":[{"href":"https:\/\/finkbeiner-kanzlei.de\/en\/wp-json\/wp\/v2\/media?parent=1235"}],"wp:term":[{"taxonomy":"post_tag","embeddable":true,"href":"https:\/\/finkbeiner-kanzlei.de\/en\/wp-json\/wp\/v2\/tags?post=1235"}],"curies":[{"name":"wp","href":"https:\/\/api.w.org\/{rel}","templated":true}]}}